{"id":41008,"date":"2024-12-24T14:55:02","date_gmt":"2024-12-24T13:55:02","guid":{"rendered":"https:\/\/trail-atlasquest.com\/?page_id=41008"},"modified":"2025-04-16T18:47:14","modified_gmt":"2025-04-16T16:47:14","slug":"benevole-trek","status":"publish","type":"page","link":"https:\/\/trail-atlasquest.com\/fr\/benevole-trek\/","title":{"rendered":"B\u00e9n\u00e9vole  Trek"},"content":{"rendered":"\t\t<div data-elementor-type=\"wp-page\" data-elementor-id=\"41008\" class=\"elementor elementor-41008 elementor-41007\" data-elementor-post-type=\"page\">\n\t\t\t\t<div class=\"elementor-element elementor-element-e0aa148 e-con-full e-flex e-con e-parent\" data-id=\"e0aa148\" data-element_type=\"container\" data-settings=\"{&quot;background_background&quot;:&quot;classic&quot;}\">\n\t\t<div class=\"elementor-element elementor-element-27b7683 e-con-full e-flex e-con e-child\" data-id=\"27b7683\" data-element_type=\"container\" data-settings=\"{&quot;background_background&quot;:&quot;classic&quot;}\">\n\t\t\t\t<div class=\"elementor-element elementor-element-266b6ef elementor-widget elementor-widget-heading\" data-id=\"266b6ef\" data-element_type=\"widget\" data-widget_type=\"heading.default\">\n\t\t\t\t<div class=\"elementor-widget-container\">\n\t\t\t\t\t<h1 class=\"elementor-heading-title elementor-size-default\">B\u00c9N\u00c9VOLES : LA DECOUVERTE <\/h1>\t\t\t\t<\/div>\n\t\t\t\t<\/div>\n\t\t\t\t<div class=\"elementor-element elementor-element-e95fe4a elementor-widget elementor-widget-heading\" data-id=\"e95fe4a\" data-element_type=\"widget\" data-widget_type=\"heading.default\">\n\t\t\t\t<div class=\"elementor-widget-container\">\n\t\t\t\t\t<p class=\"elementor-heading-title elementor-size-default\">PARCOURIR L'UTAT EN MODE TREKKING\n<\/p>\t\t\t\t<\/div>\n\t\t\t\t<\/div>\n\t\t\t\t<\/div>\n\t\t\t\t<\/div>\n\t\t<div class=\"elementor-element elementor-element-2ecce9b e-con-full e-flex e-con e-parent\" data-id=\"2ecce9b\" data-element_type=\"container\">\n\t\t<div class=\"elementor-element elementor-element-7f71f05 e-con-full e-flex e-con e-child\" data-id=\"7f71f05\" data-element_type=\"container\">\n\t\t\t\t<div class=\"elementor-element elementor-element-5392c13 elementor-widget__width-initial elementor-widget elementor-widget-heading\" data-id=\"5392c13\" data-element_type=\"widget\" data-widget_type=\"heading.default\">\n\t\t\t\t<div class=\"elementor-widget-container\">\n\t\t\t\t\t<h2 class=\"elementor-heading-title elementor-size-default\">DECOUVRIR LE PARCOURS DE L'ULTRA TRAIL ATLAS TOUBKAL EN MODE TREKKING C'EST CINQ JOURS D' EMERVEILLEMENT <\/h2>\t\t\t\t<\/div>\n\t\t\t\t<\/div>\n\t\t\t\t<div class=\"elementor-element elementor-element-88f4b92 elementor-widget elementor-widget-heading\" data-id=\"88f4b92\" data-element_type=\"widget\" data-widget_type=\"heading.default\">\n\t\t\t\t<div class=\"elementor-widget-container\">\n\t\t\t\t\t<h4 class=\"elementor-heading-title elementor-size-default\">Le programme<\/h4>\t\t\t\t<\/div>\n\t\t\t\t<\/div>\n\t\t\t\t<div class=\"elementor-element elementor-element-fa9f2b2 elementor-widget elementor-widget-text-editor\" data-id=\"fa9f2b2\" data-element_type=\"widget\" data-widget_type=\"text-editor.default\">\n\t\t\t\t<div class=\"elementor-widget-container\">\n\t\t\t\t\t\t\t\t\t<div id=\"message-list_1743059148.839199\" class=\"c-virtual_list__item\" tabindex=\"-1\" role=\"listitem\" aria-setsize=\"-1\" data-qa=\"virtual-list-item\" data-item-key=\"1743059148.839199\"><div class=\"c-message_kit__background c-message_kit__background--hovered p-message_pane_message__message c-message_kit__message\" role=\"presentation\" data-qa=\"message_container\" data-qa-unprocessed=\"false\" data-qa-placeholder=\"false\"><div class=\"c-message_kit__hover c-message_kit__hover--hovered\" role=\"document\" aria-roledescription=\"message\" data-qa-hover=\"true\"><div class=\"c-message_kit__actions c-message_kit__actions--default\"><div class=\"c-message_kit__gutter\"><div class=\"c-message_kit__gutter__right\" role=\"presentation\" data-qa=\"message_content\"><div class=\"c-message_kit__blocks c-message_kit__blocks--rich_text\"><div class=\"c-message__message_blocks c-message__message_blocks--rich_text\" data-qa=\"message-text\"><div class=\"p-block_kit_renderer\" data-qa=\"block-kit-renderer\"><div class=\"p-block_kit_renderer__block_wrapper p-block_kit_renderer__block_wrapper--first\"><div class=\"p-rich_text_block\" dir=\"auto\"><div class=\"p-rich_text_section\">J1 : Tranfert A\u00e9roport \/Ouka<\/div><div>J2 : Ouka \/ Timichi (G\u00eete Oussalem) : 24,1km\u00a0 1440m D+<\/div><div>J3 : Timichi \/ Boukchoud : 25,1km 1980m D+<\/div><div>J4 : Boukchoud \/ Likemt (par Tougroudadene) : 18,7km 1410m D+<\/div><div>J5 : Likemt \/ Imlil (nuit H\u00f4tel du Soleil ou fr\u00e8re Dahma) : 21,9km\u00a0 1530m D+<\/div><div>J6 : Imili \/ Ouka : 15,8km 1590m D+<\/div><div>\u00a0<\/div><\/div><\/div><\/div><\/div><\/div><\/div><\/div><\/div><\/div><\/div><\/div>\t\t\t\t\t\t\t\t<\/div>\n\t\t\t\t<\/div>\n\t\t\t\t<div class=\"elementor-element elementor-element-3c9c13b elementor-widget elementor-widget-heading\" data-id=\"3c9c13b\" data-element_type=\"widget\" data-widget_type=\"heading.default\">\n\t\t\t\t<div class=\"elementor-widget-container\">\n\t\t\t\t\t<h4 class=\"elementor-heading-title elementor-size-default\">Ce que cela comprend<\/h4>\t\t\t\t<\/div>\n\t\t\t\t<\/div>\n\t\t\t\t<div class=\"elementor-element elementor-element-06e891d elementor-widget elementor-widget-text-editor\" data-id=\"06e891d\" data-element_type=\"widget\" data-widget_type=\"text-editor.default\">\n\t\t\t\t<div class=\"elementor-widget-container\">\n\t\t\t\t\t\t\t\t\t<div id=\"message-list_1743059148.839199\" class=\"c-virtual_list__item\" tabindex=\"-1\" role=\"listitem\" aria-setsize=\"-1\" data-qa=\"virtual-list-item\" data-item-key=\"1743059148.839199\"><div class=\"c-message_kit__background c-message_kit__background--hovered p-message_pane_message__message c-message_kit__message\" role=\"presentation\" data-qa=\"message_container\" data-qa-unprocessed=\"false\" data-qa-placeholder=\"false\"><div class=\"c-message_kit__hover c-message_kit__hover--hovered\" role=\"document\" aria-roledescription=\"message\" data-qa-hover=\"true\"><div class=\"c-message_kit__actions c-message_kit__actions--default\"><div class=\"c-message_kit__gutter\"><div class=\"c-message_kit__gutter__right\" role=\"presentation\" data-qa=\"message_content\"><div class=\"c-message_kit__blocks c-message_kit__blocks--rich_text\"><div class=\"c-message__message_blocks c-message__message_blocks--rich_text\" data-qa=\"message-text\"><div class=\"p-block_kit_renderer\" data-qa=\"block-kit-renderer\"><div class=\"p-block_kit_renderer__block_wrapper p-block_kit_renderer__block_wrapper--first\"><div class=\"p-rich_text_block\" dir=\"auto\"><div><strong>Inclus dans le prix<\/strong><\/div><ul><li class=\"p-rich_text_section\">Guide Marocain qualifi\u00e9 parlant Fran\u00e7ais pendant 6 jours<\/li><li class=\"p-rich_text_section\">Assistant guide \u00e0 partir de 15 personnes<\/li><li class=\"p-rich_text_section\">Transfert Marrakech \u2013 Oukaimeden<\/li><li class=\"p-rich_text_section\">H\u00e9bergement :<br \/><ul style=\"list-style-type: circle;\"><li>Oukiameden \u2013 Chalet du CAF 1 nuit (Dortoir du CAF)<\/li><li>Timichi \u2013 G\u00eete 1 nuit Azib<\/li><li>Amenzel \u2013 Tente 1 nuit<\/li><li>Azib Likemt \u2013 Tente 1 nuit<\/li><li>Imlil \u2013 Auberge Caf\u00e9 Soleil ou La Vall\u00e9e 1 nuit<\/li><\/ul><\/li><li>Restauration<br \/><ul style=\"list-style-type: circle;\"><li>Pension compl\u00e8te du d\u00eener du jour 1 au d\u00e9jeuner du jour 6<\/li><li>Repas pr\u00e9par\u00e9s par un cuisinier<\/li><\/ul><\/li><li class=\"p-rich_text_section\">Mat\u00e9riel cuisine<\/li><li class=\"p-rich_text_section\">Mat\u00e9riel bivouac : tente individuelle \u00e0 2 places, matelas avec housse, tente mess, tente toilette etc<\/li><li class=\"p-rich_text_section\">Suppl\u00e9ment tente single : Inclus dans le prix<\/li><li class=\"p-rich_text_section\">Transport mat\u00e9riel et bagages par mulets<\/li><li class=\"p-rich_text_section\">Equipe muletiers<\/li><\/ul><p><b data-stringify-type=\"bold\">Non inclus :<\/b><\/p><ul><li>Eau min\u00e9rale et boissons<\/li><li>Repas et h\u00e9bergement \u00e0 Marrakech<\/li><li>Pourboires<\/li><li>Assurance personnelle<span class=\"c-message__edited_label\" dir=\"ltr\" data-sk=\"tooltip_parent\">\u00a0(modifi\u00e9)\u00a0<\/span><\/li><\/ul><\/div><\/div><\/div><\/div><\/div><\/div><\/div><div class=\"c-message_actions__container c-message__actions\" role=\"group\">\u00a0<\/div><\/div><\/div><\/div><\/div><div id=\"message-list_1743059238.144969\" class=\"c-virtual_list__item\" tabindex=\"-1\" role=\"listitem\" aria-setsize=\"-1\" data-qa=\"virtual-list-item\" data-item-key=\"1743059238.144969\"><div class=\"c-message_kit__background p-message_pane_message__message c-message_kit__message\" role=\"presentation\" data-qa=\"message_container\" data-qa-unprocessed=\"false\" data-qa-placeholder=\"false\"><div class=\"c-message_kit__hover\" role=\"document\" aria-roledescription=\"message\" data-qa-hover=\"true\"><div class=\"c-message_kit__actions c-message_kit__actions--above\"><div class=\"c-message_kit__gutter\"><div class=\"c-message_kit__gutter__right\" role=\"presentation\" data-qa=\"message_content\"><div class=\"c-message_kit__blocks c-message_kit__blocks--rich_text\"><div class=\"c-message__message_blocks c-message__message_blocks--rich_text\" data-qa=\"message-text\"><div class=\"p-block_kit_renderer\" data-qa=\"block-kit-renderer\"><div class=\"p-block_kit_renderer__block_wrapper p-block_kit_renderer__block_wrapper--first\"><div class=\"p-rich_text_block\" dir=\"auto\"><div class=\"p-rich_text_section\"><strong>Date et Prix :<\/strong> du 25 au 30 Septembre\u00a0 420 euros .<\/div><div class=\"p-rich_text_section\">Attention ! Le trek ne peut avoir lieu qu&rsquo;\u00e0 partir de 10 personnes<\/div><\/div><div>Note : Pour faire ce trek il faut \u00eatre capable de marcher 9h par jour pendant 5 jours avec un D+de 1500 m mini<\/div><\/div><\/div><\/div><\/div><\/div><\/div><\/div><\/div><\/div><\/div><p>\u00a0<\/p>\t\t\t\t\t\t\t\t<\/div>\n\t\t\t\t<\/div>\n\t\t\t\t<\/div>\n\t\t<div class=\"elementor-element elementor-element-20c7103 e-con-full e-flex e-con e-child\" data-id=\"20c7103\" data-element_type=\"container\">\n\t\t\t\t<div class=\"elementor-element elementor-element-5cf7ebf elementor-widget elementor-widget-image\" data-id=\"5cf7ebf\" data-element_type=\"widget\" data-widget_type=\"image.default\">\n\t\t\t\t<div class=\"elementor-widget-container\">\n\t\t\t\t\t\t\t\t\t\t\t\t\t\t\t<img fetchpriority=\"high\" decoding=\"async\" width=\"800\" height=\"533\" src=\"https:\/\/trail-atlasquest.com\/wp-content\/uploads\/2025\/04\/AQ2024_04102024_CARAVANE_TARHARATE_GIRAUD_Fichier_98.jpg\" class=\"attachment-large size-large wp-image-41482\" alt=\"\" srcset=\"https:\/\/trail-atlasquest.com\/wp-content\/uploads\/2025\/04\/AQ2024_04102024_CARAVANE_TARHARATE_GIRAUD_Fichier_98.jpg 800w, https:\/\/trail-atlasquest.com\/wp-content\/uploads\/2025\/04\/AQ2024_04102024_CARAVANE_TARHARATE_GIRAUD_Fichier_98-300x200.jpg 300w, https:\/\/trail-atlasquest.com\/wp-content\/uploads\/2025\/04\/AQ2024_04102024_CARAVANE_TARHARATE_GIRAUD_Fichier_98-768x512.jpg 768w, https:\/\/trail-atlasquest.com\/wp-content\/uploads\/2025\/04\/AQ2024_04102024_CARAVANE_TARHARATE_GIRAUD_Fichier_98-600x400.jpg 600w\" sizes=\"(max-width: 800px) 100vw, 800px\" \/>\t\t\t\t\t\t\t\t\t\t\t\t\t\t\t<\/div>\n\t\t\t\t<\/div>\n\t\t\t\t<div class=\"elementor-element elementor-element-e27d504 elementor-widget elementor-widget-image\" data-id=\"e27d504\" data-element_type=\"widget\" data-widget_type=\"image.default\">\n\t\t\t\t<div class=\"elementor-widget-container\">\n\t\t\t\t\t\t\t\t\t\t\t\t\t\t\t<img decoding=\"async\" width=\"800\" height=\"534\" src=\"https:\/\/trail-atlasquest.com\/wp-content\/uploads\/2025\/04\/241003_AQ_PC7_Caravane__vie_armelvrac_-57.jpg\" class=\"attachment-2048x2048 size-2048x2048 wp-image-41480\" alt=\"\" srcset=\"https:\/\/trail-atlasquest.com\/wp-content\/uploads\/2025\/04\/241003_AQ_PC7_Caravane__vie_armelvrac_-57.jpg 800w, https:\/\/trail-atlasquest.com\/wp-content\/uploads\/2025\/04\/241003_AQ_PC7_Caravane__vie_armelvrac_-57-300x200.jpg 300w, https:\/\/trail-atlasquest.com\/wp-content\/uploads\/2025\/04\/241003_AQ_PC7_Caravane__vie_armelvrac_-57-768x513.jpg 768w, https:\/\/trail-atlasquest.com\/wp-content\/uploads\/2025\/04\/241003_AQ_PC7_Caravane__vie_armelvrac_-57-600x401.jpg 600w\" sizes=\"(max-width: 800px) 100vw, 800px\" \/>\t\t\t\t\t\t\t\t\t\t\t\t\t\t\t<\/div>\n\t\t\t\t<\/div>\n\t\t\t\t<div class=\"elementor-element elementor-element-84f2488 elementor-widget elementor-widget-image\" data-id=\"84f2488\" data-element_type=\"widget\" data-widget_type=\"image.default\">\n\t\t\t\t<div class=\"elementor-widget-container\">\n\t\t\t\t\t\t\t\t\t\t\t\t\t\t\t<img decoding=\"async\" width=\"800\" height=\"600\" src=\"https:\/\/trail-atlasquest.com\/wp-content\/uploads\/2025\/04\/241003_AQ_PC7_Caravane__vie_armelvrac_-31.jpg\" class=\"attachment-large size-large wp-image-41478\" alt=\"\" srcset=\"https:\/\/trail-atlasquest.com\/wp-content\/uploads\/2025\/04\/241003_AQ_PC7_Caravane__vie_armelvrac_-31.jpg 800w, https:\/\/trail-atlasquest.com\/wp-content\/uploads\/2025\/04\/241003_AQ_PC7_Caravane__vie_armelvrac_-31-300x225.jpg 300w, https:\/\/trail-atlasquest.com\/wp-content\/uploads\/2025\/04\/241003_AQ_PC7_Caravane__vie_armelvrac_-31-768x576.jpg 768w, https:\/\/trail-atlasquest.com\/wp-content\/uploads\/2025\/04\/241003_AQ_PC7_Caravane__vie_armelvrac_-31-600x450.jpg 600w\" sizes=\"(max-width: 800px) 100vw, 800px\" \/>\t\t\t\t\t\t\t\t\t\t\t\t\t\t\t<\/div>\n\t\t\t\t<\/div>\n\t\t\t\t<div class=\"elementor-element elementor-element-1790671 elementor-widget elementor-widget-html\" data-id=\"1790671\" data-element_type=\"widget\" data-widget_type=\"html.default\">\n\t\t\t\t<div class=\"elementor-widget-container\">\n\t\t\t\t\t<iframe src=\"https:\/\/tracedetrail.fr\/fr\/iframe\/4164\" allowfullscreen=\"\" style=\"border: 0;width: 100%; height: 800px;\" scrolling=\"no\"><\/iframe>\t\t\t\t<\/div>\n\t\t\t\t<\/div>\n\t\t\t\t<\/div>\n\t\t\t\t<\/div>\n\t\t\t\t<\/div>\n\t\t","protected":false},"excerpt":{"rendered":"<p>B\u00c9N\u00c9VOLES : LA DECOUVERTE PARCOURIR L&rsquo;UTAT EN MODE TREKKING DECOUVRIR LE PARCOURS DE L&rsquo;ULTRA TRAIL ATLAS TOUBKAL EN MODE TREKKING C&rsquo;EST CINQ JOURS D&rsquo; EMERVEILLEMENT Le programme J1 : Tranfert A\u00e9roport \/OukaJ2 : Ouka \/ Timichi (G\u00eete Oussalem) : 24,1km\u00a0 1440m D+J3 : Timichi \/ Boukchoud : 25,1km 1980m D+J4 : Boukchoud \/ Likemt (par [&hellip;]<\/p>\n","protected":false},"author":49,"featured_media":0,"parent":0,"menu_order":0,"comment_status":"closed","ping_status":"closed","template":"","meta":{"_acf_changed":false,"_mo_disable_npp":"","site-sidebar-layout":"no-sidebar","site-content-layout":"","ast-site-content-layout":"full-width-container","site-content-style":"default","site-sidebar-style":"default","ast-global-header-display":"","ast-banner-title-visibility":"","ast-main-header-display":"","ast-hfb-above-header-display":"","ast-hfb-below-header-display":"","ast-hfb-mobile-header-display":"","site-post-title":"disabled","ast-breadcrumbs-content":"","ast-featured-img":"disabled","footer-sml-layout":"","theme-transparent-header-meta":"","adv-header-id-meta":"","stick-header-meta":"","header-above-stick-meta":"","header-main-stick-meta":"","header-below-stick-meta":"","astra-migrate-meta-layouts":"default","ast-page-background-enabled":"default","ast-page-background-meta":{"desktop":{"background-color":"var(--ast-global-color-4)","background-image":"","background-repeat":"repeat","background-position":"center center","background-size":"auto","background-attachment":"scroll","background-type":"","background-media":"","overlay-type":"","overlay-color":"","overlay-opacity":"","overlay-gradient":""},"tablet":{"background-color":"","background-image":"","background-repeat":"repeat","background-position":"center center","background-size":"auto","background-attachment":"scroll","background-type":"","background-media":"","overlay-type":"","overlay-color":"","overlay-opacity":"","overlay-gradient":""},"mobile":{"background-color":"","background-image":"","background-repeat":"repeat","background-position":"center center","background-size":"auto","background-attachment":"scroll","background-type":"","background-media":"","overlay-type":"","overlay-color":"","overlay-opacity":"","overlay-gradient":""}},"ast-content-background-meta":{"desktop":{"background-color":"var(--ast-global-color-5)","background-image":"","background-repeat":"repeat","background-position":"center center","background-size":"auto","background-attachment":"scroll","background-type":"","background-media":"","overlay-type":"","overlay-color":"","overlay-opacity":"","overlay-gradient":""},"tablet":{"background-color":"var(--ast-global-color-5)","background-image":"","background-repeat":"repeat","background-position":"center center","background-size":"auto","background-attachment":"scroll","background-type":"","background-media":"","overlay-type":"","overlay-color":"","overlay-opacity":"","overlay-gradient":""},"mobile":{"background-color":"var(--ast-global-color-5)","background-image":"","background-repeat":"repeat","background-position":"center center","background-size":"auto","background-attachment":"scroll","background-type":"","background-media":"","overlay-type":"","overlay-color":"","overlay-opacity":"","overlay-gradient":""}},"footnotes":""},"class_list":["post-41008","page","type-page","status-publish","hentry"],"acf":[],"yoast_head":"<!-- This site is optimized with the Yoast SEO plugin v23.8 - https:\/\/yoast.com\/wordpress\/plugins\/seo\/ -->\n<title>Atlas Quest | Ultra Trail Atlas Toubkal \u00ae | B\u00e9n\u00e9voles<\/title>\n<meta name=\"description\" content=\"Inscrivez-vous \u00e0 Atlas Quest By UTAT 2024 en tant que b\u00e9n\u00e9vole. Les inscriptions des b\u00e9n\u00e9voles sont ouvertes \u00e0 partir du 18 mars 2024. Vos aventures commencent ici !\" \/>\n<meta name=\"robots\" content=\"index, follow, max-snippet:-1, max-image-preview:large, max-video-preview:-1\" \/>\n<link rel=\"canonical\" href=\"https:\/\/trail-atlasquest.com\/fr\/benevole-trek\/\" \/>\n<meta property=\"og:locale\" content=\"fr_FR\" \/>\n<meta property=\"og:type\" content=\"article\" \/>\n<meta property=\"og:title\" content=\"Atlas Quest | Ultra Trail Atlas Toubkal \u00ae | B\u00e9n\u00e9voles\" \/>\n<meta property=\"og:description\" content=\"Inscrivez-vous \u00e0 Atlas Quest By UTAT 2024 en tant que b\u00e9n\u00e9vole. Les inscriptions des b\u00e9n\u00e9voles sont ouvertes \u00e0 partir du 18 mars 2024. Vos aventures commencent ici !\" \/>\n<meta property=\"og:url\" content=\"https:\/\/trail-atlasquest.com\/fr\/benevole-trek\/\" \/>\n<meta property=\"og:site_name\" content=\"Atlas Quest | Ultra Trail Atlas Toubkal \u00ae\" \/>\n<meta property=\"article:publisher\" content=\"https:\/\/www.facebook.com\/UTATofficielle\/\" \/>\n<meta property=\"article:modified_time\" content=\"2025-04-16T16:47:14+00:00\" \/>\n<meta property=\"og:image\" content=\"https:\/\/trail-atlasquest.com\/wp-content\/uploads\/2025\/04\/AQ2024_04102024_CARAVANE_TARHARATE_GIRAUD_Fichier_98.jpg\" \/>\n\t<meta property=\"og:image:width\" content=\"800\" \/>\n\t<meta property=\"og:image:height\" content=\"533\" \/>\n\t<meta property=\"og:image:type\" content=\"image\/jpeg\" \/>\n<meta name=\"twitter:card\" content=\"summary_large_image\" \/>\n<meta name=\"twitter:label1\" content=\"Dur\u00e9e de lecture estim\u00e9e\" \/>\n\t<meta name=\"twitter:data1\" content=\"2 minutes\" \/>\n<script type=\"application\/ld+json\" class=\"yoast-schema-graph\">{\"@context\":\"https:\/\/schema.org\",\"@graph\":[{\"@type\":\"WebPage\",\"@id\":\"https:\/\/trail-atlasquest.com\/fr\/benevole-trek\/\",\"url\":\"https:\/\/trail-atlasquest.com\/fr\/benevole-trek\/\",\"name\":\"Atlas Quest | Ultra Trail Atlas Toubkal \u00ae | B\u00e9n\u00e9voles\",\"isPartOf\":{\"@id\":\"https:\/\/trail-atlasquest.com\/#website\"},\"primaryImageOfPage\":{\"@id\":\"https:\/\/trail-atlasquest.com\/fr\/benevole-trek\/#primaryimage\"},\"image\":{\"@id\":\"https:\/\/trail-atlasquest.com\/fr\/benevole-trek\/#primaryimage\"},\"thumbnailUrl\":\"https:\/\/trail-atlasquest.com\/wp-content\/uploads\/2025\/04\/AQ2024_04102024_CARAVANE_TARHARATE_GIRAUD_Fichier_98.jpg\",\"datePublished\":\"2024-12-24T13:55:02+00:00\",\"dateModified\":\"2025-04-16T16:47:14+00:00\",\"description\":\"Inscrivez-vous \u00e0 Atlas Quest By UTAT 2024 en tant que b\u00e9n\u00e9vole. Les inscriptions des b\u00e9n\u00e9voles sont ouvertes \u00e0 partir du 18 mars 2024. Vos aventures commencent ici !\",\"breadcrumb\":{\"@id\":\"https:\/\/trail-atlasquest.com\/fr\/benevole-trek\/#breadcrumb\"},\"inLanguage\":\"fr-FR\",\"potentialAction\":[{\"@type\":\"ReadAction\",\"target\":[\"https:\/\/trail-atlasquest.com\/fr\/benevole-trek\/\"]}]},{\"@type\":\"ImageObject\",\"inLanguage\":\"fr-FR\",\"@id\":\"https:\/\/trail-atlasquest.com\/fr\/benevole-trek\/#primaryimage\",\"url\":\"https:\/\/trail-atlasquest.com\/wp-content\/uploads\/2025\/04\/AQ2024_04102024_CARAVANE_TARHARATE_GIRAUD_Fichier_98.jpg\",\"contentUrl\":\"https:\/\/trail-atlasquest.com\/wp-content\/uploads\/2025\/04\/AQ2024_04102024_CARAVANE_TARHARATE_GIRAUD_Fichier_98.jpg\"},{\"@type\":\"BreadcrumbList\",\"@id\":\"https:\/\/trail-atlasquest.com\/fr\/benevole-trek\/#breadcrumb\",\"itemListElement\":[{\"@type\":\"ListItem\",\"position\":1,\"name\":\"Accueil\",\"item\":\"https:\/\/trail-atlasquest.com\/fr\/accueil\/\"},{\"@type\":\"ListItem\",\"position\":2,\"name\":\"B\u00e9n\u00e9vole Trek\"}]},{\"@type\":\"WebSite\",\"@id\":\"https:\/\/trail-atlasquest.com\/#website\",\"url\":\"https:\/\/trail-atlasquest.com\/\",\"name\":\"Atlas Quest | Ultra Trail Atlas Toubkal \u00ae\",\"description\":\"Find Your Breath in the Atlas\",\"publisher\":{\"@id\":\"https:\/\/trail-atlasquest.com\/#organization\"},\"potentialAction\":[{\"@type\":\"SearchAction\",\"target\":{\"@type\":\"EntryPoint\",\"urlTemplate\":\"https:\/\/trail-atlasquest.com\/?s={search_term_string}\"},\"query-input\":{\"@type\":\"PropertyValueSpecification\",\"valueRequired\":true,\"valueName\":\"search_term_string\"}}],\"inLanguage\":\"fr-FR\"},{\"@type\":\"Organization\",\"@id\":\"https:\/\/trail-atlasquest.com\/#organization\",\"name\":\"Association Sport Nature D\u00e9veloppement\",\"alternateName\":\"ASND\",\"url\":\"https:\/\/trail-atlasquest.com\/\",\"logo\":{\"@type\":\"ImageObject\",\"inLanguage\":\"fr-FR\",\"@id\":\"https:\/\/trail-atlasquest.com\/#\/schema\/logo\/image\/\",\"url\":\"https:\/\/trail-atlasquest.com\/wp-content\/uploads\/2023\/11\/Logo-AQ-CMJN-PNG1.png\",\"contentUrl\":\"https:\/\/trail-atlasquest.com\/wp-content\/uploads\/2023\/11\/Logo-AQ-CMJN-PNG1.png\",\"width\":1928,\"height\":756,\"caption\":\"Association Sport Nature D\u00e9veloppement\"},\"image\":{\"@id\":\"https:\/\/trail-atlasquest.com\/#\/schema\/logo\/image\/\"},\"sameAs\":[\"https:\/\/www.facebook.com\/UTATofficielle\/\",\"https:\/\/www.instagram.com\/atlas_quest_ultratrail\/\",\"https:\/\/www.youtube.com\/@UltraTrailAtlasToubkal\"]}]}<\/script>\n<!-- \/ Yoast SEO plugin. -->","yoast_head_json":{"title":"Atlas Quest | Ultra Trail Atlas Toubkal \u00ae | B\u00e9n\u00e9voles","description":"Inscrivez-vous \u00e0 Atlas Quest By UTAT 2024 en tant que b\u00e9n\u00e9vole. Les inscriptions des b\u00e9n\u00e9voles sont ouvertes \u00e0 partir du 18 mars 2024. Vos aventures commencent ici !","robots":{"index":"index","follow":"follow","max-snippet":"max-snippet:-1","max-image-preview":"max-image-preview:large","max-video-preview":"max-video-preview:-1"},"canonical":"https:\/\/trail-atlasquest.com\/fr\/benevole-trek\/","og_locale":"fr_FR","og_type":"article","og_title":"Atlas Quest | Ultra Trail Atlas Toubkal \u00ae | B\u00e9n\u00e9voles","og_description":"Inscrivez-vous \u00e0 Atlas Quest By UTAT 2024 en tant que b\u00e9n\u00e9vole. Les inscriptions des b\u00e9n\u00e9voles sont ouvertes \u00e0 partir du 18 mars 2024. Vos aventures commencent ici !","og_url":"https:\/\/trail-atlasquest.com\/fr\/benevole-trek\/","og_site_name":"Atlas Quest | Ultra Trail Atlas Toubkal \u00ae","article_publisher":"https:\/\/www.facebook.com\/UTATofficielle\/","article_modified_time":"2025-04-16T16:47:14+00:00","og_image":[{"width":800,"height":533,"url":"https:\/\/trail-atlasquest.com\/wp-content\/uploads\/2025\/04\/AQ2024_04102024_CARAVANE_TARHARATE_GIRAUD_Fichier_98.jpg","type":"image\/jpeg"}],"twitter_card":"summary_large_image","twitter_misc":{"Dur\u00e9e de lecture estim\u00e9e":"2 minutes"},"schema":{"@context":"https:\/\/schema.org","@graph":[{"@type":"WebPage","@id":"https:\/\/trail-atlasquest.com\/fr\/benevole-trek\/","url":"https:\/\/trail-atlasquest.com\/fr\/benevole-trek\/","name":"Atlas Quest | Ultra Trail Atlas Toubkal \u00ae | B\u00e9n\u00e9voles","isPartOf":{"@id":"https:\/\/trail-atlasquest.com\/#website"},"primaryImageOfPage":{"@id":"https:\/\/trail-atlasquest.com\/fr\/benevole-trek\/#primaryimage"},"image":{"@id":"https:\/\/trail-atlasquest.com\/fr\/benevole-trek\/#primaryimage"},"thumbnailUrl":"https:\/\/trail-atlasquest.com\/wp-content\/uploads\/2025\/04\/AQ2024_04102024_CARAVANE_TARHARATE_GIRAUD_Fichier_98.jpg","datePublished":"2024-12-24T13:55:02+00:00","dateModified":"2025-04-16T16:47:14+00:00","description":"Inscrivez-vous \u00e0 Atlas Quest By UTAT 2024 en tant que b\u00e9n\u00e9vole. Les inscriptions des b\u00e9n\u00e9voles sont ouvertes \u00e0 partir du 18 mars 2024. Vos aventures commencent ici !","breadcrumb":{"@id":"https:\/\/trail-atlasquest.com\/fr\/benevole-trek\/#breadcrumb"},"inLanguage":"fr-FR","potentialAction":[{"@type":"ReadAction","target":["https:\/\/trail-atlasquest.com\/fr\/benevole-trek\/"]}]},{"@type":"ImageObject","inLanguage":"fr-FR","@id":"https:\/\/trail-atlasquest.com\/fr\/benevole-trek\/#primaryimage","url":"https:\/\/trail-atlasquest.com\/wp-content\/uploads\/2025\/04\/AQ2024_04102024_CARAVANE_TARHARATE_GIRAUD_Fichier_98.jpg","contentUrl":"https:\/\/trail-atlasquest.com\/wp-content\/uploads\/2025\/04\/AQ2024_04102024_CARAVANE_TARHARATE_GIRAUD_Fichier_98.jpg"},{"@type":"BreadcrumbList","@id":"https:\/\/trail-atlasquest.com\/fr\/benevole-trek\/#breadcrumb","itemListElement":[{"@type":"ListItem","position":1,"name":"Accueil","item":"https:\/\/trail-atlasquest.com\/fr\/accueil\/"},{"@type":"ListItem","position":2,"name":"B\u00e9n\u00e9vole Trek"}]},{"@type":"WebSite","@id":"https:\/\/trail-atlasquest.com\/#website","url":"https:\/\/trail-atlasquest.com\/","name":"Atlas Quest | Ultra Trail Atlas Toubkal \u00ae","description":"Find Your Breath in the Atlas","publisher":{"@id":"https:\/\/trail-atlasquest.com\/#organization"},"potentialAction":[{"@type":"SearchAction","target":{"@type":"EntryPoint","urlTemplate":"https:\/\/trail-atlasquest.com\/?s={search_term_string}"},"query-input":{"@type":"PropertyValueSpecification","valueRequired":true,"valueName":"search_term_string"}}],"inLanguage":"fr-FR"},{"@type":"Organization","@id":"https:\/\/trail-atlasquest.com\/#organization","name":"Association Sport Nature D\u00e9veloppement","alternateName":"ASND","url":"https:\/\/trail-atlasquest.com\/","logo":{"@type":"ImageObject","inLanguage":"fr-FR","@id":"https:\/\/trail-atlasquest.com\/#\/schema\/logo\/image\/","url":"https:\/\/trail-atlasquest.com\/wp-content\/uploads\/2023\/11\/Logo-AQ-CMJN-PNG1.png","contentUrl":"https:\/\/trail-atlasquest.com\/wp-content\/uploads\/2023\/11\/Logo-AQ-CMJN-PNG1.png","width":1928,"height":756,"caption":"Association Sport Nature D\u00e9veloppement"},"image":{"@id":"https:\/\/trail-atlasquest.com\/#\/schema\/logo\/image\/"},"sameAs":["https:\/\/www.facebook.com\/UTATofficielle\/","https:\/\/www.instagram.com\/atlas_quest_ultratrail\/","https:\/\/www.youtube.com\/@UltraTrailAtlasToubkal"]}]}},"_links":{"self":[{"href":"https:\/\/trail-atlasquest.com\/fr\/wp-json\/wp\/v2\/pages\/41008","targetHints":{"allow":["GET"]}}],"collection":[{"href":"https:\/\/trail-atlasquest.com\/fr\/wp-json\/wp\/v2\/pages"}],"about":[{"href":"https:\/\/trail-atlasquest.com\/fr\/wp-json\/wp\/v2\/types\/page"}],"author":[{"embeddable":true,"href":"https:\/\/trail-atlasquest.com\/fr\/wp-json\/wp\/v2\/users\/49"}],"replies":[{"embeddable":true,"href":"https:\/\/trail-atlasquest.com\/fr\/wp-json\/wp\/v2\/comments?post=41008"}],"version-history":[{"count":24,"href":"https:\/\/trail-atlasquest.com\/fr\/wp-json\/wp\/v2\/pages\/41008\/revisions"}],"predecessor-version":[{"id":41521,"href":"https:\/\/trail-atlasquest.com\/fr\/wp-json\/wp\/v2\/pages\/41008\/revisions\/41521"}],"wp:attachment":[{"href":"https:\/\/trail-atlasquest.com\/fr\/wp-json\/wp\/v2\/media?parent=41008"}],"curies":[{"name":"wp","href":"https:\/\/api.w.org\/{rel}","templated":true}]}}